{"id":3447,"date":"2024-04-30T11:44:25","date_gmt":"2024-04-30T10:44:25","guid":{"rendered":"https:\/\/mielewsz.ch\/20240423\/?page_id=3447"},"modified":"2024-07-03T14:16:28","modified_gmt":"2024-07-03T13:16:28","slug":"sustainable-fashion","status":"publish","type":"page","link":"https:\/\/mielewsz.ch\/fr\/sustainable-fashion\/","title":{"rendered":"Sustainable Fashion"},"content":{"rendered":"\t\t<div data-elementor-type=\"wp-page\" data-elementor-id=\"3447\" class=\"elementor elementor-3447\" data-elementor-post-type=\"page\">\n\t\t\t\t\t\t<section class=\"elementor-section elementor-top-section elementor-element elementor-element-ff5acf7 fullwidth-image elementor-section-full_width elementor-section-height-default elementor-section-height-default\" data-id=\"ff5acf7\" data-element_type=\"section\" data-settings=\"{&quot;background_background&quot;:&quot;classic&quot;}\">\n\t\t\t\t\t\t<div class=\"elementor-container elementor-column-gap-default\">\n\t\t\t\t\t<div class=\"elementor-column elementor-col-100 elementor-top-column elementor-element elementor-element-961b0af\" data-id=\"961b0af\" data-element_type=\"column\">\n\t\t\t<div class=\"elementor-widget-wrap elementor-element-populated\">\n\t\t\t\t\t\t<div class=\"elementor-element elementor-element-8ae187c description elementor-widget elementor-widget-text-editor\" data-id=\"8ae187c\" data-element_type=\"widget\" data-widget_type=\"text-editor.default\">\n\t\t\t\t<div class=\"elementor-widget-container\">\n\t\t\t<style>\/*! elementor - v3.21.0 - 25-04-2024 *\/\n.elementor-widget-text-editor.elementor-drop-cap-view-stacked .elementor-drop-cap{background-color:#69727d;color:#fff}.elementor-widget-text-editor.elementor-drop-cap-view-framed .elementor-drop-cap{color:#69727d;border:3px solid;background-color:transparent}.elementor-widget-text-editor:not(.elementor-drop-cap-view-default) .elementor-drop-cap{margin-top:8px}.elementor-widget-text-editor:not(.elementor-drop-cap-view-default) .elementor-drop-cap-letter{width:1em;height:1em}.elementor-widget-text-editor .elementor-drop-cap{float:left;text-align:center;line-height:1;font-size:50px}.elementor-widget-text-editor .elementor-drop-cap-letter{display:inline-block}<\/style>\t\t\t\t<p style=\"font-size: 2.5em;\">Doux pour la mode.<\/p>\t\t\t\t\t\t<\/div>\n\t\t\t\t<\/div>\n\t\t\t\t<div class=\"elementor-element elementor-element-c3ecffb preline elementor-widget elementor-widget-text-editor\" data-id=\"c3ecffb\" data-element_type=\"widget\" data-widget_type=\"text-editor.default\">\n\t\t\t\t<div class=\"elementor-widget-container\">\n\t\t\t\t\t\t\t<p style=\"font-size: 2.5em;\">Fort pour l\u2019environnement.<\/p>\t\t\t\t\t\t<\/div>\n\t\t\t\t<\/div>\n\t\t\t\t\t<\/div>\n\t\t<\/div>\n\t\t\t\t\t<\/div>\n\t\t<\/section>\n\t\t\t\t<section class=\"elementor-section elementor-top-section elementor-element elementor-element-3b82443 elementor-section-full_width onpage-nav elementor-section-height-default elementor-section-height-default\" data-id=\"3b82443\" data-element_type=\"section\">\n\t\t\t\t\t\t<div class=\"elementor-container elementor-column-gap-default\">\n\t\t\t\t\t<div class=\"elementor-column elementor-col-100 elementor-top-column elementor-element elementor-element-f0e59bb\" data-id=\"f0e59bb\" data-element_type=\"column\">\n\t\t\t<div class=\"elementor-widget-wrap elementor-element-populated\">\n\t\t\t\t\t\t<div class=\"elementor-element elementor-element-0316cf9 elementor-nav-menu--dropdown-mobile elementor-nav-menu--stretch elementor-nav-menu__text-align-aside elementor-nav-menu--toggle elementor-nav-menu--burger elementor-widget elementor-widget-nav-menu\" data-id=\"0316cf9\" data-element_type=\"widget\" data-settings=\"{&quot;full_width&quot;:&quot;stretch&quot;,&quot;layout&quot;:&quot;horizontal&quot;,&quot;submenu_icon&quot;:{&quot;value&quot;:&quot;&lt;i class=\\&quot;fas fa-caret-down\\&quot;&gt;&lt;\\\/i&gt;&quot;,&quot;library&quot;:&quot;fa-solid&quot;},&quot;toggle&quot;:&quot;burger&quot;}\" data-widget_type=\"nav-menu.default\">\n\t\t\t\t<div class=\"elementor-widget-container\">\n\t\t\t<link rel=\"stylesheet\" href=\"https:\/\/mielewsz.ch\/wp-content\/plugins\/elementor-pro\/assets\/css\/widget-nav-menu.min.css\">\t\t\t<nav class=\"elementor-nav-menu--main elementor-nav-menu__container elementor-nav-menu--layout-horizontal e--pointer-none\">\n\t\t\t\t<ul id=\"menu-1-0316cf9\" class=\"elementor-nav-menu\"><li class=\"menu-item menu-item-type-custom menu-item-object-custom menu-item-2603\"><a href=\"\/fr\" class=\"elementor-item\">#noussommeslefutur<\/a><\/li>\n<li class=\"menu-item menu-item-type-post_type menu-item-object-page menu-item-3471\"><a href=\"https:\/\/mielewsz.ch\/fr\/sustainable-fashion\/\" class=\"elementor-item\">Sustainable Fashion<\/a><\/li>\n<li class=\"menu-item menu-item-type-post_type menu-item-object-page menu-item-3473\"><a href=\"https:\/\/mielewsz.ch\/fr\/annabelle-x-miele-swap\/\" class=\"elementor-item\">annabelle x Miele Swap<\/a><\/li>\n<li class=\"menu-item menu-item-type-post_type menu-item-object-page menu-item-3472\"><a href=\"https:\/\/mielewsz.ch\/fr\/miele-x-mode-suisse\/\" class=\"elementor-item\">Miele x Mode Suisse<\/a><\/li>\n<li class=\"menu-item menu-item-type-custom menu-item-object-custom menu-item-2607\"><a href=\"\/\" class=\"elementor-item\">DE<\/a><\/li>\n<li class=\"menu-item menu-item-type-custom menu-item-object-custom menu-item-2608\"><a href=\"\/fr\" class=\"elementor-item\">FR<\/a><\/li>\n<\/ul>\t\t\t<\/nav>\n\t\t\t\t\t<div class=\"elementor-menu-toggle\" role=\"button\" tabindex=\"0\" aria-label=\"Permuter le menu\" aria-expanded=\"false\">\n\t\t\t<i aria-hidden=\"true\" role=\"presentation\" class=\"elementor-menu-toggle__icon--open eicon-menu-bar\"><\/i><i aria-hidden=\"true\" role=\"presentation\" class=\"elementor-menu-toggle__icon--close eicon-close\"><\/i>\t\t\t<span class=\"elementor-screen-only\">Menu<\/span>\n\t\t<\/div>\n\t\t\t\t\t<nav class=\"elementor-nav-menu--dropdown elementor-nav-menu__container\" aria-hidden=\"true\">\n\t\t\t\t<ul id=\"menu-2-0316cf9\" class=\"elementor-nav-menu\"><li class=\"menu-item menu-item-type-custom menu-item-object-custom menu-item-2603\"><a href=\"\/fr\" class=\"elementor-item\" tabindex=\"-1\">#noussommeslefutur<\/a><\/li>\n<li class=\"menu-item menu-item-type-post_type menu-item-object-page menu-item-3471\"><a href=\"https:\/\/mielewsz.ch\/fr\/sustainable-fashion\/\" class=\"elementor-item\" tabindex=\"-1\">Sustainable Fashion<\/a><\/li>\n<li class=\"menu-item menu-item-type-post_type menu-item-object-page menu-item-3473\"><a href=\"https:\/\/mielewsz.ch\/fr\/annabelle-x-miele-swap\/\" class=\"elementor-item\" tabindex=\"-1\">annabelle x Miele Swap<\/a><\/li>\n<li class=\"menu-item menu-item-type-post_type menu-item-object-page menu-item-3472\"><a href=\"https:\/\/mielewsz.ch\/fr\/miele-x-mode-suisse\/\" class=\"elementor-item\" tabindex=\"-1\">Miele x Mode Suisse<\/a><\/li>\n<li class=\"menu-item menu-item-type-custom menu-item-object-custom menu-item-2607\"><a href=\"\/\" class=\"elementor-item\" tabindex=\"-1\">DE<\/a><\/li>\n<li class=\"menu-item menu-item-type-custom menu-item-object-custom menu-item-2608\"><a href=\"\/fr\" class=\"elementor-item\" tabindex=\"-1\">FR<\/a><\/li>\n<\/ul>\t\t\t<\/nav>\n\t\t\t\t<\/div>\n\t\t\t\t<\/div>\n\t\t\t\t\t<\/div>\n\t\t<\/div>\n\t\t\t\t\t<\/div>\n\t\t<\/section>\n\t\t\t\t<section class=\"elementor-section elementor-top-section elementor-element elementor-element-a2f71fc text-block elementor-section-boxed elementor-section-height-default elementor-section-height-default\" data-id=\"a2f71fc\" data-element_type=\"section\">\n\t\t\t\t\t\t<div class=\"elementor-container elementor-column-gap-default\">\n\t\t\t\t\t<div class=\"elementor-column elementor-col-100 elementor-top-column elementor-element elementor-element-55d7c28\" data-id=\"55d7c28\" data-element_type=\"column\">\n\t\t\t<div class=\"elementor-widget-wrap elementor-element-populated\">\n\t\t\t\t\t\t<div class=\"elementor-element elementor-element-b44f888 elementor-widget elementor-widget-text-editor\" data-id=\"b44f888\" data-element_type=\"widget\" data-widget_type=\"text-editor.default\">\n\t\t\t\t<div class=\"elementor-widget-container\">\n\t\t\t\t\t\t\t<p>Chez Miele, l&rsquo;entretien durable du linge est un \u00e9l\u00e9ment central de notre philosophie d&rsquo;entreprise. Nous travaillons en permanence \u00e0 rendre nos produits et nos processus encore plus \u00e9cologiques et \u00e0 offrir \u00e0 nos clients une solution durable \u00e0 leurs besoins en mati\u00e8re d&rsquo;entretien du linge.<\/p>\n<p>De plus, Miele s&rsquo;engage dans divers projets contre la fast fashion et contribue ainsi \u00e0 la durabilit\u00e9 de l&rsquo;industrie de la mode. <\/p>\n\t\t\t\t\t\t<\/div>\n\t\t\t\t<\/div>\n\t\t\t\t\t<\/div>\n\t\t<\/div>\n\t\t\t\t\t<\/div>\n\t\t<\/section>\n\t\t\t\t<section class=\"elementor-section elementor-top-section elementor-element elementor-element-3d70b330 elementor-section-full_width onpage-nav elementor-section-height-default elementor-section-height-default\" data-id=\"3d70b330\" data-element_type=\"section\">\n\t\t\t\t\t\t<div class=\"elementor-container elementor-column-gap-default\">\n\t\t\t\t\t<div class=\"elementor-column elementor-col-100 elementor-top-column elementor-element elementor-element-69840d7f\" data-id=\"69840d7f\" data-element_type=\"column\">\n\t\t\t<div class=\"elementor-widget-wrap elementor-element-populated\">\n\t\t\t\t\t\t<div class=\"elementor-element elementor-element-ef2e027 elementor-widget elementor-widget-spacer\" data-id=\"ef2e027\" data-element_type=\"widget\" data-widget_type=\"spacer.default\">\n\t\t\t\t<div class=\"elementor-widget-container\">\n\t\t\t<style>\/*! elementor - v3.21.0 - 25-04-2024 *\/\n.elementor-column .elementor-spacer-inner{height:var(--spacer-size)}.e-con{--container-widget-width:100%}.e-con-inner>.elementor-widget-spacer,.e-con>.elementor-widget-spacer{width:var(--container-widget-width,var(--spacer-size));--align-self:var(--container-widget-align-self,initial);--flex-shrink:0}.e-con-inner>.elementor-widget-spacer>.elementor-widget-container,.e-con>.elementor-widget-spacer>.elementor-widget-container{height:100%;width:100%}.e-con-inner>.elementor-widget-spacer>.elementor-widget-container>.elementor-spacer,.e-con>.elementor-widget-spacer>.elementor-widget-container>.elementor-spacer{height:100%}.e-con-inner>.elementor-widget-spacer>.elementor-widget-container>.elementor-spacer>.elementor-spacer-inner,.e-con>.elementor-widget-spacer>.elementor-widget-container>.elementor-spacer>.elementor-spacer-inner{height:var(--container-widget-height,var(--spacer-size))}.e-con-inner>.elementor-widget-spacer.elementor-widget-empty,.e-con>.elementor-widget-spacer.elementor-widget-empty{position:relative;min-height:22px;min-width:22px}.e-con-inner>.elementor-widget-spacer.elementor-widget-empty .elementor-widget-empty-icon,.e-con>.elementor-widget-spacer.elementor-widget-empty .elementor-widget-empty-icon{position:absolute;top:0;bottom:0;left:0;right:0;margin:auto;padding:0;width:22px;height:22px}<\/style>\t\t<div class=\"elementor-spacer\">\n\t\t\t<div class=\"elementor-spacer-inner\"><\/div>\n\t\t<\/div>\n\t\t\t\t<\/div>\n\t\t\t\t<\/div>\n\t\t\t\t<div class=\"elementor-element elementor-element-65ce90f elementor-widget elementor-widget-heading\" data-id=\"65ce90f\" data-element_type=\"widget\" data-widget_type=\"heading.default\">\n\t\t\t\t<div class=\"elementor-widget-container\">\n\t\t\t<style>\/*! elementor - v3.21.0 - 25-04-2024 *\/\n.elementor-heading-title{padding:0;margin:0;line-height:1}.elementor-widget-heading .elementor-heading-title[class*=elementor-size-]>a{color:inherit;font-size:inherit;line-height:inherit}.elementor-widget-heading .elementor-heading-title.elementor-size-small{font-size:15px}.elementor-widget-heading .elementor-heading-title.elementor-size-medium{font-size:19px}.elementor-widget-heading .elementor-heading-title.elementor-size-large{font-size:29px}.elementor-widget-heading .elementor-heading-title.elementor-size-xl{font-size:39px}.elementor-widget-heading .elementor-heading-title.elementor-size-xxl{font-size:59px}<\/style><h1 class=\"elementor-heading-title elementor-size-default\">Sustainable Fashion by Miele<\/h1>\t\t<\/div>\n\t\t\t\t<\/div>\n\t\t\t\t\t<\/div>\n\t\t<\/div>\n\t\t\t\t\t<\/div>\n\t\t<\/section>\n\t\t\t\t<section class=\"elementor-section elementor-top-section elementor-element elementor-element-71cf700 text-image-block elementor-section-boxed elementor-section-height-default elementor-section-height-default\" data-id=\"71cf700\" data-element_type=\"section\">\n\t\t\t\t\t\t<div class=\"elementor-container elementor-column-gap-default\">\n\t\t\t\t\t<div class=\"elementor-column elementor-col-50 elementor-top-column elementor-element elementor-element-3be9280\" data-id=\"3be9280\" data-element_type=\"column\">\n\t\t\t<div class=\"elementor-widget-wrap elementor-element-populated\">\n\t\t\t\t\t\t<div class=\"elementor-element elementor-element-e06b9d5 headline elementor-widget elementor-widget-heading\" data-id=\"e06b9d5\" data-element_type=\"widget\" data-widget_type=\"heading.default\">\n\t\t\t\t<div class=\"elementor-widget-container\">\n\t\t\t<h3 class=\"elementor-heading-title elementor-size-default\">annabelle x Miele Swap<\/h3>\t\t<\/div>\n\t\t\t\t<\/div>\n\t\t\t\t<div class=\"elementor-element elementor-element-61e7c37 description elementor-widget elementor-widget-text-editor\" data-id=\"61e7c37\" data-element_type=\"widget\" data-widget_type=\"text-editor.default\">\n\t\t\t\t<div class=\"elementor-widget-container\">\n\t\t\t\t\t\t\t<p>L&rsquo;annabelle x Miele Swap est une bourse d&rsquo;\u00e9change des v\u00eatements et d&rsquo;accessoires qui aura lieu le 17 juin 2023 de 15h00 \u00e0 19h00 au Kaufleuten \u00e0 Zurich.<\/p>\n\t\t\t\t\t\t<\/div>\n\t\t\t\t<\/div>\n\t\t\t\t<div class=\"elementor-element elementor-element-f7b52a7 elementor-widget elementor-widget-button\" data-id=\"f7b52a7\" data-element_type=\"widget\" data-widget_type=\"button.default\">\n\t\t\t\t<div class=\"elementor-widget-container\">\n\t\t\t\t\t<div class=\"elementor-button-wrapper\">\n\t\t\t<a class=\"elementor-button elementor-button-link elementor-size-sm\" href=\"https:\/\/mielewsz.ch\/fr\/?page_id=2575\" target=\"_blank\">\n\t\t\t\t\t\t<span class=\"elementor-button-content-wrapper\">\n\t\t\t\t\t\t\t\t\t<span class=\"elementor-button-text\">EN SAVOIR PLUS<\/span>\n\t\t\t\t\t<\/span>\n\t\t\t\t\t<\/a>\n\t\t<\/div>\n\t\t\t\t<\/div>\n\t\t\t\t<\/div>\n\t\t\t\t\t<\/div>\n\t\t<\/div>\n\t\t\t\t<div class=\"elementor-column elementor-col-50 elementor-top-column elementor-element elementor-element-c59e628\" data-id=\"c59e628\" data-element_type=\"column\" data-settings=\"{&quot;background_background&quot;:&quot;classic&quot;}\">\n\t\t\t<div class=\"elementor-widget-wrap elementor-element-populated\">\n\t\t\t\t\t\t<div class=\"elementor-element elementor-element-8830e45 elementor-widget elementor-widget-image\" data-id=\"8830e45\" data-element_type=\"widget\" data-widget_type=\"image.default\">\n\t\t\t\t<div class=\"elementor-widget-container\">\n\t\t\t<style>\/*! elementor - v3.21.0 - 25-04-2024 *\/\n.elementor-widget-image{text-align:center}.elementor-widget-image a{display:inline-block}.elementor-widget-image a img[src$=\".svg\"]{width:48px}.elementor-widget-image img{vertical-align:middle;display:inline-block}<\/style>\t\t\t\t\t\t\t\t\t\t<img loading=\"lazy\" decoding=\"async\" width=\"640\" height=\"426\" src=\"https:\/\/mielewsz.ch\/wp-content\/uploads\/2023\/05\/20000181289-2.png\" class=\"attachment-large size-large wp-image-2103\" alt=\"\" srcset=\"https:\/\/mielewsz.ch\/wp-content\/uploads\/2023\/05\/20000181289-2.png 800w, https:\/\/mielewsz.ch\/wp-content\/uploads\/2023\/05\/20000181289-2-300x200.png 300w, https:\/\/mielewsz.ch\/wp-content\/uploads\/2023\/05\/20000181289-2-768x512.png 768w\" sizes=\"(max-width: 640px) 100vw, 640px\" \/>\t\t\t\t\t\t\t\t\t\t\t\t\t<\/div>\n\t\t\t\t<\/div>\n\t\t\t\t\t<\/div>\n\t\t<\/div>\n\t\t\t\t\t<\/div>\n\t\t<\/section>\n\t\t\t\t<section class=\"elementor-section elementor-top-section elementor-element elementor-element-2031d1c text-image-block elementor-section-boxed elementor-section-height-default elementor-section-height-default\" data-id=\"2031d1c\" data-element_type=\"section\">\n\t\t\t\t\t\t<div class=\"elementor-container elementor-column-gap-default\">\n\t\t\t\t\t<div class=\"elementor-column elementor-col-50 elementor-top-column elementor-element elementor-element-ebb0cd0\" data-id=\"ebb0cd0\" data-element_type=\"column\" data-settings=\"{&quot;background_background&quot;:&quot;classic&quot;}\">\n\t\t\t<div class=\"elementor-widget-wrap elementor-element-populated\">\n\t\t\t\t\t\t<div class=\"elementor-element elementor-element-8db8128 elementor-widget elementor-widget-image\" data-id=\"8db8128\" data-element_type=\"widget\" data-widget_type=\"image.default\">\n\t\t\t\t<div class=\"elementor-widget-container\">\n\t\t\t\t\t\t\t\t\t\t\t\t\t<img loading=\"lazy\" decoding=\"async\" width=\"640\" height=\"426\" src=\"https:\/\/mielewsz.ch\/wp-content\/uploads\/2023\/06\/Group-1024x682.jpg\" class=\"attachment-large size-large wp-image-2221\" alt=\"\" srcset=\"https:\/\/mielewsz.ch\/wp-content\/uploads\/2023\/06\/Group-1024x682.jpg 1024w, https:\/\/mielewsz.ch\/wp-content\/uploads\/2023\/06\/Group-300x200.jpg 300w, https:\/\/mielewsz.ch\/wp-content\/uploads\/2023\/06\/Group-768x512.jpg 768w, https:\/\/mielewsz.ch\/wp-content\/uploads\/2023\/06\/Group-1536x1024.jpg 1536w, https:\/\/mielewsz.ch\/wp-content\/uploads\/2023\/06\/Group.jpg 2000w\" sizes=\"(max-width: 640px) 100vw, 640px\" \/>\t\t\t\t\t\t\t\t\t\t\t\t\t<\/div>\n\t\t\t\t<\/div>\n\t\t\t\t\t<\/div>\n\t\t<\/div>\n\t\t\t\t<div class=\"elementor-column elementor-col-50 elementor-top-column elementor-element elementor-element-2321d88\" data-id=\"2321d88\" data-element_type=\"column\">\n\t\t\t<div class=\"elementor-widget-wrap elementor-element-populated\">\n\t\t\t\t\t\t<div class=\"elementor-element elementor-element-0813694 headline elementor-widget elementor-widget-heading\" data-id=\"0813694\" data-element_type=\"widget\" data-widget_type=\"heading.default\">\n\t\t\t\t<div class=\"elementor-widget-container\">\n\t\t\t<h3 class=\"elementor-heading-title elementor-size-default\">Miele x Mode Suisse<\/h3>\t\t<\/div>\n\t\t\t\t<\/div>\n\t\t\t\t<div class=\"elementor-element elementor-element-073c9e5 description elementor-widget elementor-widget-text-editor\" data-id=\"073c9e5\" data-element_type=\"widget\" data-widget_type=\"text-editor.default\">\n\t\t\t\t<div class=\"elementor-widget-container\">\n\t\t\t\t\t\t\t<p>Le 4 septembre 2023 aura lieu &#8211; \u00e0 nouveau dans le b\u00e2timent Chipperfield du Kunsthaus Z\u00fcrich &#8211; l&rsquo;\u00e9v\u00e9nement principal de <a href=\"https:\/\/www.modesuisse.com\/edition2023-zurich.html\">Mode Suisse<\/a> de cette ann\u00e9e.<\/p>\n\t\t\t\t\t\t<\/div>\n\t\t\t\t<\/div>\n\t\t\t\t<div class=\"elementor-element elementor-element-bb91d69 elementor-widget elementor-widget-button\" data-id=\"bb91d69\" data-element_type=\"widget\" data-widget_type=\"button.default\">\n\t\t\t\t<div class=\"elementor-widget-container\">\n\t\t\t\t\t<div class=\"elementor-button-wrapper\">\n\t\t\t<a class=\"elementor-button elementor-button-link elementor-size-sm\" href=\"https:\/\/mielewsz.ch\/fr\/miele-x-mode-suisse\/\" target=\"_blank\">\n\t\t\t\t\t\t<span class=\"elementor-button-content-wrapper\">\n\t\t\t\t\t\t\t\t\t<span class=\"elementor-button-text\">EN SAVOIR PLUS<\/span>\n\t\t\t\t\t<\/span>\n\t\t\t\t\t<\/a>\n\t\t<\/div>\n\t\t\t\t<\/div>\n\t\t\t\t<\/div>\n\t\t\t\t\t<\/div>\n\t\t<\/div>\n\t\t\t\t\t<\/div>\n\t\t<\/section>\n\t\t\t\t<section class=\"elementor-section elementor-top-section elementor-element elementor-element-d648dab text-block elementor-section-boxed elementor-section-height-default elementor-section-height-default\" data-id=\"d648dab\" data-element_type=\"section\">\n\t\t\t\t\t\t<div class=\"elementor-container elementor-column-gap-default\">\n\t\t\t\t\t<div class=\"elementor-column elementor-col-100 elementor-top-column elementor-element elementor-element-382b055\" data-id=\"382b055\" data-element_type=\"column\">\n\t\t\t<div class=\"elementor-widget-wrap elementor-element-populated\">\n\t\t\t\t\t\t<div class=\"elementor-element elementor-element-d06aa27 elementor-widget elementor-widget-text-editor\" data-id=\"d06aa27\" data-element_type=\"widget\" data-widget_type=\"text-editor.default\">\n\t\t\t\t<div class=\"elementor-widget-container\">\n\t\t\t\t\t\t\t<h1>Entretien durable du linge<\/h1>\n\t\t\t\t\t\t<\/div>\n\t\t\t\t<\/div>\n\t\t\t\t<div class=\"elementor-element elementor-element-88ae8b1 elementor-widget elementor-widget-text-editor\" data-id=\"88ae8b1\" data-element_type=\"widget\" data-widget_type=\"text-editor.default\">\n\t\t\t\t<div class=\"elementor-widget-container\">\n\t\t\t\t\t\t\t<p>Miele mise sur le soin du linge durable. Nos lave-linge sont \u00e9conomes en \u00e9nergie et en eau gr\u00e2ce \u00e0 des technologies innovantes. Des mat\u00e9riaux de haute qualit\u00e9 garantissent une longue dur\u00e9e de vie et r\u00e9duisent le besoin de pi\u00e8ces de rechange. Des programmes sp\u00e9ciaux nettoient en douceur les textiles d\u00e9licats en utilisant moins d&rsquo;eau et d&rsquo;\u00e9nergie. Nous utilisons des lessives \u00e9cologiques qui sont parfaitement dos\u00e9es gr\u00e2ce \u00e0 <sup>TwinDos\u00ae<\/sup>. La durabilit\u00e9 fait partie de notre philosophie et nous nous effor\u00e7ons en permanence de trouver des solutions respectueuses de l&rsquo;environnement. Avec Miele, vous pouvez entretenir votre linge efficacement et dans le respect de l&rsquo;environnement, sans compromettre la qualit\u00e9.<\/p>\n\t\t\t\t\t\t<\/div>\n\t\t\t\t<\/div>\n\t\t\t\t\t<\/div>\n\t\t<\/div>\n\t\t\t\t\t<\/div>\n\t\t<\/section>\n\t\t\t\t<section class=\"elementor-section elementor-top-section elementor-element elementor-element-b9a38c5 elementor-section-boxed elementor-section-height-default elementor-section-height-default\" data-id=\"b9a38c5\" data-element_type=\"section\">\n\t\t\t\t\t\t<div class=\"elementor-container elementor-column-gap-narrow\">\n\t\t\t\t\t<div class=\"elementor-column elementor-col-33 elementor-top-column elementor-element elementor-element-c7fbde7\" data-id=\"c7fbde7\" data-element_type=\"column\">\n\t\t\t<div class=\"elementor-widget-wrap elementor-element-populated\">\n\t\t\t\t\t\t<div class=\"elementor-element elementor-element-31ca929 elementor-widget elementor-widget-image\" data-id=\"31ca929\" data-element_type=\"widget\" data-widget_type=\"image.default\">\n\t\t\t\t<div class=\"elementor-widget-container\">\n\t\t\t\t\t\t\t\t\t\t\t\t\t<img loading=\"lazy\" decoding=\"async\" width=\"1244\" height=\"933\" src=\"https:\/\/mielewsz.ch\/wp-content\/uploads\/2023\/01\/waschen2.jpg\" class=\"attachment-full size-full wp-image-1386\" alt=\"\" srcset=\"https:\/\/mielewsz.ch\/wp-content\/uploads\/2023\/01\/waschen2.jpg 1244w, https:\/\/mielewsz.ch\/wp-content\/uploads\/2023\/01\/waschen2-300x225.jpg 300w, https:\/\/mielewsz.ch\/wp-content\/uploads\/2023\/01\/waschen2-1024x768.jpg 1024w, https:\/\/mielewsz.ch\/wp-content\/uploads\/2023\/01\/waschen2-768x576.jpg 768w\" sizes=\"(max-width: 1244px) 100vw, 1244px\" \/>\t\t\t\t\t\t\t\t\t\t\t\t\t<\/div>\n\t\t\t\t<\/div>\n\t\t\t\t<div class=\"elementor-element elementor-element-dd1df65 elementor-widget elementor-widget-text-editor\" data-id=\"dd1df65\" data-element_type=\"widget\" data-widget_type=\"text-editor.default\">\n\t\t\t\t<div class=\"elementor-widget-container\">\n\t\t\t\t\t\t\t<p>\u00a0<\/p><p style=\"text-align: center;\">Les lave-linge de Miele font partie des appareils les plus efficaces du march\u00e9 sur le plan \u00e9nerg\u00e9tique. La plupart des lave-linge Miele appartiennent \u00e0 la classe d\u2019efficacit\u00e9 \u00e9nerg\u00e9tique A, la plus \u00e9lev\u00e9e, car ils ne consomment pas plus d\u2019eau ou d\u2019\u00e9lectricit\u00e9 que n\u00e9cessaire.<\/p>\t\t\t\t\t\t<\/div>\n\t\t\t\t<\/div>\n\t\t\t\t<div class=\"elementor-element elementor-element-7207773 elementor-widget elementor-widget-button\" data-id=\"7207773\" data-element_type=\"widget\" data-widget_type=\"button.default\">\n\t\t\t\t<div class=\"elementor-widget-container\">\n\t\t\t\t\t<div class=\"elementor-button-wrapper\">\n\t\t\t<a class=\"elementor-button elementor-button-link elementor-size-sm\" href=\"https:\/\/www.miele.ch\/de\/e\/frontlader-1015701-c?q=:availability:wa_0008:0_wa_0008_70:wa_0008:2_wa_0008_72\">\n\t\t\t\t\t\t<span class=\"elementor-button-content-wrapper\">\n\t\t\t\t\t\t\t\t\t<span class=\"elementor-button-text\">lave-linge efficaces sur le plan \u00e9nerg\u00e9tique<\/span>\n\t\t\t\t\t<\/span>\n\t\t\t\t\t<\/a>\n\t\t<\/div>\n\t\t\t\t<\/div>\n\t\t\t\t<\/div>\n\t\t\t\t\t<\/div>\n\t\t<\/div>\n\t\t\t\t<div class=\"elementor-column elementor-col-33 elementor-top-column elementor-element elementor-element-e67f629\" data-id=\"e67f629\" data-element_type=\"column\">\n\t\t\t<div class=\"elementor-widget-wrap elementor-element-populated\">\n\t\t\t\t\t\t<div class=\"elementor-element elementor-element-d329c88 elementor-widget elementor-widget-image\" data-id=\"d329c88\" data-element_type=\"widget\" data-widget_type=\"image.default\">\n\t\t\t\t<div class=\"elementor-widget-container\">\n\t\t\t\t\t\t\t\t\t\t\t\t\t<img loading=\"lazy\" decoding=\"async\" width=\"1244\" height=\"933\" src=\"https:\/\/mielewsz.ch\/wp-content\/uploads\/2023\/01\/trocknen-1.jpg\" class=\"attachment-full size-full wp-image-1385\" alt=\"\" srcset=\"https:\/\/mielewsz.ch\/wp-content\/uploads\/2023\/01\/trocknen-1.jpg 1244w, https:\/\/mielewsz.ch\/wp-content\/uploads\/2023\/01\/trocknen-1-300x225.jpg 300w, https:\/\/mielewsz.ch\/wp-content\/uploads\/2023\/01\/trocknen-1-1024x768.jpg 1024w, https:\/\/mielewsz.ch\/wp-content\/uploads\/2023\/01\/trocknen-1-768x576.jpg 768w\" sizes=\"(max-width: 1244px) 100vw, 1244px\" \/>\t\t\t\t\t\t\t\t\t\t\t\t\t<\/div>\n\t\t\t\t<\/div>\n\t\t\t\t<div class=\"elementor-element elementor-element-255f0a2 elementor-widget elementor-widget-text-editor\" data-id=\"255f0a2\" data-element_type=\"widget\" data-widget_type=\"text-editor.default\">\n\t\t\t\t<div class=\"elementor-widget-container\">\n\t\t\t\t\t\t\t<p>\u00a0<\/p><p>Tous les s\u00e8che-linge Miele atteignent la classe d&rsquo;efficacit\u00e9 \u00e9nerg\u00e9tique A+++. Cela est rendu possible gr\u00e2ce \u00e0 un nouveau module de sol dot\u00e9 d\u2019un circuit de refroidissement optimal. Ainsi, les s\u00e8che-linge Miele s\u00e8chent de mani\u00e8re plus durable et plus efficace que jamais.\u00a0<\/p>\t\t\t\t\t\t<\/div>\n\t\t\t\t<\/div>\n\t\t\t\t<div class=\"elementor-element elementor-element-ce88127 elementor-widget elementor-widget-button\" data-id=\"ce88127\" data-element_type=\"widget\" data-widget_type=\"button.default\">\n\t\t\t\t<div class=\"elementor-widget-container\">\n\t\t\t\t\t<div class=\"elementor-button-wrapper\">\n\t\t\t<a class=\"elementor-button elementor-button-link elementor-size-sm\" href=\"https:\/\/www.miele.ch\/de\/e\/trockner-1015698-c?q=:availability\">\n\t\t\t\t\t\t<span class=\"elementor-button-content-wrapper\">\n\t\t\t\t\t\t\t\t\t<span class=\"elementor-button-text\">S\u00e8che-linge \u00e0 haute efficacit\u00e9 \u00e9nerg\u00e9tique<\/span>\n\t\t\t\t\t<\/span>\n\t\t\t\t\t<\/a>\n\t\t<\/div>\n\t\t\t\t<\/div>\n\t\t\t\t<\/div>\n\t\t\t\t\t<\/div>\n\t\t<\/div>\n\t\t\t\t<div class=\"elementor-column elementor-col-33 elementor-top-column elementor-element elementor-element-903e1cf\" data-id=\"903e1cf\" data-element_type=\"column\">\n\t\t\t<div class=\"elementor-widget-wrap elementor-element-populated\">\n\t\t\t\t\t\t<div class=\"elementor-element elementor-element-02fd86b elementor-widget elementor-widget-image\" data-id=\"02fd86b\" data-element_type=\"widget\" data-widget_type=\"image.default\">\n\t\t\t\t<div class=\"elementor-widget-container\">\n\t\t\t\t\t\t\t\t\t\t\t\t\t<img loading=\"lazy\" decoding=\"async\" width=\"640\" height=\"480\" src=\"https:\/\/mielewsz.ch\/wp-content\/uploads\/2024\/04\/20000192336.highres-1024x768.jpg\" class=\"attachment-large size-large wp-image-2993\" alt=\"\" srcset=\"https:\/\/mielewsz.ch\/wp-content\/uploads\/2024\/04\/20000192336.highres-1024x768.jpg 1024w, https:\/\/mielewsz.ch\/wp-content\/uploads\/2024\/04\/20000192336.highres-300x225.jpg 300w, https:\/\/mielewsz.ch\/wp-content\/uploads\/2024\/04\/20000192336.highres-768x576.jpg 768w, https:\/\/mielewsz.ch\/wp-content\/uploads\/2024\/04\/20000192336.highres.jpg 1400w\" sizes=\"(max-width: 640px) 100vw, 640px\" \/>\t\t\t\t\t\t\t\t\t\t\t\t\t<\/div>\n\t\t\t\t<\/div>\n\t\t\t\t<div class=\"elementor-element elementor-element-b3efbe4 elementor-widget elementor-widget-text-editor\" data-id=\"b3efbe4\" data-element_type=\"widget\" data-widget_type=\"text-editor.default\">\n\t\t\t\t<div class=\"elementor-widget-container\">\n\t\t\t\t\t\t\t<p>\u00a0<\/p><p>Le syst\u00e8me TwinDos<sup>\u00ae<\/sup> de Miele dose la lessive en 2 phases sur mesure pour chaque linge individuel. Vous \u00e9conomisez ainsi du temps et jusqu&rsquo;\u00e0 30% de lessive par rapport \u00e0 un dosage manuel. Pour que le lavage du linge soit durable et simple comme un jeu d\u2019enfant.<\/p>\t\t\t\t\t\t<\/div>\n\t\t\t\t<\/div>\n\t\t\t\t<div class=\"elementor-element elementor-element-8cc94a7 elementor-widget elementor-widget-button\" data-id=\"8cc94a7\" data-element_type=\"widget\" data-widget_type=\"button.default\">\n\t\t\t\t<div class=\"elementor-widget-container\">\n\t\t\t\t\t<div class=\"elementor-button-wrapper\">\n\t\t\t<a class=\"elementor-button elementor-button-link elementor-size-sm\" href=\"https:\/\/www.miele.ch\/de\/c\/qait-waeschepflege-3347.htm\">\n\t\t\t\t\t\t<span class=\"elementor-button-content-wrapper\">\n\t\t\t\t\t\t\t\t\t<span class=\"elementor-button-text\">Entretien du linge avec TwinDos<\/span>\n\t\t\t\t\t<\/span>\n\t\t\t\t\t<\/a>\n\t\t<\/div>\n\t\t\t\t<\/div>\n\t\t\t\t<\/div>\n\t\t\t\t\t<\/div>\n\t\t<\/div>\n\t\t\t\t\t<\/div>\n\t\t<\/section>\n\t\t\t\t<\/div>\n\t\t","protected":false},"excerpt":{"rendered":"<p>Doux pour la mode. Fort pour l\u2019environnement. Chez Miele, l&rsquo;entretien durable du linge est un \u00e9l\u00e9ment central de notre philosophie d&rsquo;entreprise. Nous travaillons en permanence \u00e0 rendre nos produits et nos processus encore plus \u00e9cologiques et \u00e0 offrir \u00e0 nos clients une solution durable \u00e0 leurs besoins en mati\u00e8re d&rsquo;entretien du linge. De plus, Miele [&hellip;]<\/p>\n","protected":false},"author":1,"featured_media":2027,"parent":0,"menu_order":9,"comment_status":"closed","ping_status":"closed","template":"","meta":{"footnotes":""},"yoast_head":"<!-- This site is optimized with the Yoast SEO plugin v24.5 - https:\/\/yoast.com\/wordpress\/plugins\/seo\/ -->\n<title>Sustainable Fashion - Miele - #WIRSINDZUKUNFT<\/title>\n<meta name=\"robots\" content=\"noindex, nofollow\" \/>\n<meta property=\"og:locale\" content=\"fr_FR\" \/>\n<meta property=\"og:type\" content=\"article\" \/>\n<meta property=\"og:title\" content=\"Sustainable Fashion - Miele - #WIRSINDZUKUNFT\" \/>\n<meta property=\"og:description\" content=\"Doux pour la mode. Fort pour l\u2019environnement. Chez Miele, l&rsquo;entretien durable du linge est un \u00e9l\u00e9ment central de notre philosophie d&rsquo;entreprise. Nous travaillons en permanence \u00e0 rendre nos produits et nos processus encore plus \u00e9cologiques et \u00e0 offrir \u00e0 nos clients une solution durable \u00e0 leurs besoins en mati\u00e8re d&rsquo;entretien du linge. De plus, Miele [&hellip;]\" \/>\n<meta property=\"og:url\" content=\"https:\/\/mielewsz.ch\/fr\/sustainable-fashion\/\" \/>\n<meta property=\"og:site_name\" content=\"Miele - #WIRSINDZUKUNFT\" \/>\n<meta property=\"article:modified_time\" content=\"2024-07-03T13:16:28+00:00\" \/>\n<meta property=\"og:image\" content=\"https:\/\/mielewsz.ch\/wp-content\/uploads\/2023\/05\/20000130016.highres-1024x652.jpg\" \/>\n\t<meta property=\"og:image:width\" content=\"1024\" \/>\n\t<meta property=\"og:image:height\" content=\"652\" \/>\n\t<meta property=\"og:image:type\" content=\"image\/jpeg\" \/>\n<meta name=\"twitter:card\" content=\"summary_large_image\" \/>\n<script type=\"application\/ld+json\" class=\"yoast-schema-graph\">{\"@context\":\"https:\/\/schema.org\",\"@graph\":[{\"@type\":\"WebPage\",\"@id\":\"https:\/\/mielewsz.ch\/fr\/sustainable-fashion\/\",\"url\":\"https:\/\/mielewsz.ch\/fr\/sustainable-fashion\/\",\"name\":\"Sustainable Fashion - Miele - #WIRSINDZUKUNFT\",\"isPartOf\":{\"@id\":\"https:\/\/mielewsz.ch\/fr\/#website\"},\"primaryImageOfPage\":{\"@id\":\"https:\/\/mielewsz.ch\/fr\/sustainable-fashion\/#primaryimage\"},\"image\":{\"@id\":\"https:\/\/mielewsz.ch\/fr\/sustainable-fashion\/#primaryimage\"},\"thumbnailUrl\":\"https:\/\/mielewsz.ch\/wp-content\/uploads\/2023\/05\/20000130016.highres.jpg\",\"datePublished\":\"2024-04-30T10:44:25+00:00\",\"dateModified\":\"2024-07-03T13:16:28+00:00\",\"breadcrumb\":{\"@id\":\"https:\/\/mielewsz.ch\/fr\/sustainable-fashion\/#breadcrumb\"},\"inLanguage\":\"fr-FR\",\"potentialAction\":[{\"@type\":\"ReadAction\",\"target\":[\"https:\/\/mielewsz.ch\/fr\/sustainable-fashion\/\"]}]},{\"@type\":\"ImageObject\",\"inLanguage\":\"fr-FR\",\"@id\":\"https:\/\/mielewsz.ch\/fr\/sustainable-fashion\/#primaryimage\",\"url\":\"https:\/\/mielewsz.ch\/wp-content\/uploads\/2023\/05\/20000130016.highres.jpg\",\"contentUrl\":\"https:\/\/mielewsz.ch\/wp-content\/uploads\/2023\/05\/20000130016.highres.jpg\",\"width\":1400,\"height\":892},{\"@type\":\"BreadcrumbList\",\"@id\":\"https:\/\/mielewsz.ch\/fr\/sustainable-fashion\/#breadcrumb\",\"itemListElement\":[{\"@type\":\"ListItem\",\"position\":1,\"name\":\"Startseite\",\"item\":\"https:\/\/mielewsz.ch\/fr\/miele-future-de-lenvironnement\/\"},{\"@type\":\"ListItem\",\"position\":2,\"name\":\"Sustainable Fashion\"}]},{\"@type\":\"WebSite\",\"@id\":\"https:\/\/mielewsz.ch\/fr\/#website\",\"url\":\"https:\/\/mielewsz.ch\/fr\/\",\"name\":\"Miele - #WIRSINDZUKUNFT\",\"description\":\"Die Kampagne #WIRSINDZUKUNFT animiert die Schweizer Haushalte zu mehr Nachhaltigkeit, Energieeffizienz und Klimaschutz im eigenen Alltag.\",\"publisher\":{\"@id\":\"https:\/\/mielewsz.ch\/fr\/#organization\"},\"potentialAction\":[{\"@type\":\"SearchAction\",\"target\":{\"@type\":\"EntryPoint\",\"urlTemplate\":\"https:\/\/mielewsz.ch\/fr\/?s={search_term_string}\"},\"query-input\":{\"@type\":\"PropertyValueSpecification\",\"valueRequired\":true,\"valueName\":\"search_term_string\"}}],\"inLanguage\":\"fr-FR\"},{\"@type\":\"Organization\",\"@id\":\"https:\/\/mielewsz.ch\/fr\/#organization\",\"name\":\"Miele Schweiz\",\"url\":\"https:\/\/mielewsz.ch\/fr\/\",\"logo\":{\"@type\":\"ImageObject\",\"inLanguage\":\"fr-FR\",\"@id\":\"https:\/\/mielewsz.ch\/fr\/#\/schema\/logo\/image\/\",\"url\":\"https:\/\/mielewsz.ch\/wp-content\/uploads\/2022\/01\/Miele_Logo_Red.svg\",\"contentUrl\":\"https:\/\/mielewsz.ch\/wp-content\/uploads\/2022\/01\/Miele_Logo_Red.svg\",\"width\":1,\"height\":1,\"caption\":\"Miele Schweiz\"},\"image\":{\"@id\":\"https:\/\/mielewsz.ch\/fr\/#\/schema\/logo\/image\/\"}}]}<\/script>\n<!-- \/ Yoast SEO plugin. -->","yoast_head_json":{"title":"Sustainable Fashion - Miele - #WIRSINDZUKUNFT","robots":{"index":"noindex","follow":"nofollow"},"og_locale":"fr_FR","og_type":"article","og_title":"Sustainable Fashion - Miele - #WIRSINDZUKUNFT","og_description":"Doux pour la mode. Fort pour l\u2019environnement. Chez Miele, l&rsquo;entretien durable du linge est un \u00e9l\u00e9ment central de notre philosophie d&rsquo;entreprise. Nous travaillons en permanence \u00e0 rendre nos produits et nos processus encore plus \u00e9cologiques et \u00e0 offrir \u00e0 nos clients une solution durable \u00e0 leurs besoins en mati\u00e8re d&rsquo;entretien du linge. De plus, Miele [&hellip;]","og_url":"https:\/\/mielewsz.ch\/fr\/sustainable-fashion\/","og_site_name":"Miele - #WIRSINDZUKUNFT","article_modified_time":"2024-07-03T13:16:28+00:00","og_image":[{"width":1024,"height":652,"url":"https:\/\/mielewsz.ch\/wp-content\/uploads\/2023\/05\/20000130016.highres-1024x652.jpg","type":"image\/jpeg"}],"twitter_card":"summary_large_image","schema":{"@context":"https:\/\/schema.org","@graph":[{"@type":"WebPage","@id":"https:\/\/mielewsz.ch\/fr\/sustainable-fashion\/","url":"https:\/\/mielewsz.ch\/fr\/sustainable-fashion\/","name":"Sustainable Fashion - Miele - #WIRSINDZUKUNFT","isPartOf":{"@id":"https:\/\/mielewsz.ch\/fr\/#website"},"primaryImageOfPage":{"@id":"https:\/\/mielewsz.ch\/fr\/sustainable-fashion\/#primaryimage"},"image":{"@id":"https:\/\/mielewsz.ch\/fr\/sustainable-fashion\/#primaryimage"},"thumbnailUrl":"https:\/\/mielewsz.ch\/wp-content\/uploads\/2023\/05\/20000130016.highres.jpg","datePublished":"2024-04-30T10:44:25+00:00","dateModified":"2024-07-03T13:16:28+00:00","breadcrumb":{"@id":"https:\/\/mielewsz.ch\/fr\/sustainable-fashion\/#breadcrumb"},"inLanguage":"fr-FR","potentialAction":[{"@type":"ReadAction","target":["https:\/\/mielewsz.ch\/fr\/sustainable-fashion\/"]}]},{"@type":"ImageObject","inLanguage":"fr-FR","@id":"https:\/\/mielewsz.ch\/fr\/sustainable-fashion\/#primaryimage","url":"https:\/\/mielewsz.ch\/wp-content\/uploads\/2023\/05\/20000130016.highres.jpg","contentUrl":"https:\/\/mielewsz.ch\/wp-content\/uploads\/2023\/05\/20000130016.highres.jpg","width":1400,"height":892},{"@type":"BreadcrumbList","@id":"https:\/\/mielewsz.ch\/fr\/sustainable-fashion\/#breadcrumb","itemListElement":[{"@type":"ListItem","position":1,"name":"Startseite","item":"https:\/\/mielewsz.ch\/fr\/miele-future-de-lenvironnement\/"},{"@type":"ListItem","position":2,"name":"Sustainable Fashion"}]},{"@type":"WebSite","@id":"https:\/\/mielewsz.ch\/fr\/#website","url":"https:\/\/mielewsz.ch\/fr\/","name":"Miele - #WIRSINDZUKUNFT","description":"Die Kampagne #WIRSINDZUKUNFT animiert die Schweizer Haushalte zu mehr Nachhaltigkeit, Energieeffizienz und Klimaschutz im eigenen Alltag.","publisher":{"@id":"https:\/\/mielewsz.ch\/fr\/#organization"},"potentialAction":[{"@type":"SearchAction","target":{"@type":"EntryPoint","urlTemplate":"https:\/\/mielewsz.ch\/fr\/?s={search_term_string}"},"query-input":{"@type":"PropertyValueSpecification","valueRequired":true,"valueName":"search_term_string"}}],"inLanguage":"fr-FR"},{"@type":"Organization","@id":"https:\/\/mielewsz.ch\/fr\/#organization","name":"Miele Schweiz","url":"https:\/\/mielewsz.ch\/fr\/","logo":{"@type":"ImageObject","inLanguage":"fr-FR","@id":"https:\/\/mielewsz.ch\/fr\/#\/schema\/logo\/image\/","url":"https:\/\/mielewsz.ch\/wp-content\/uploads\/2022\/01\/Miele_Logo_Red.svg","contentUrl":"https:\/\/mielewsz.ch\/wp-content\/uploads\/2022\/01\/Miele_Logo_Red.svg","width":1,"height":1,"caption":"Miele Schweiz"},"image":{"@id":"https:\/\/mielewsz.ch\/fr\/#\/schema\/logo\/image\/"}}]}},"_links":{"self":[{"href":"https:\/\/mielewsz.ch\/fr\/wp-json\/wp\/v2\/pages\/3447"}],"collection":[{"href":"https:\/\/mielewsz.ch\/fr\/wp-json\/wp\/v2\/pages"}],"about":[{"href":"https:\/\/mielewsz.ch\/fr\/wp-json\/wp\/v2\/types\/page"}],"author":[{"embeddable":true,"href":"https:\/\/mielewsz.ch\/fr\/wp-json\/wp\/v2\/users\/1"}],"replies":[{"embeddable":true,"href":"https:\/\/mielewsz.ch\/fr\/wp-json\/wp\/v2\/comments?post=3447"}],"version-history":[{"count":28,"href":"https:\/\/mielewsz.ch\/fr\/wp-json\/wp\/v2\/pages\/3447\/revisions"}],"predecessor-version":[{"id":3868,"href":"https:\/\/mielewsz.ch\/fr\/wp-json\/wp\/v2\/pages\/3447\/revisions\/3868"}],"wp:featuredmedia":[{"embeddable":true,"href":"https:\/\/mielewsz.ch\/fr\/wp-json\/wp\/v2\/media\/2027"}],"wp:attachment":[{"href":"https:\/\/mielewsz.ch\/fr\/wp-json\/wp\/v2\/media?parent=3447"}],"curies":[{"name":"wp","href":"https:\/\/api.w.org\/{rel}","templated":true}]}}